{"id":2361,"date":"2021-11-14T22:26:31","date_gmt":"2021-11-14T21:26:31","guid":{"rendered":"http:\/\/kolo-nowaruda.klodzko.n.pttk.pl\/?page_id=2361"},"modified":"2021-12-22T10:57:15","modified_gmt":"2021-12-22T09:57:15","slug":"rok-2015","status":"publish","type":"page","link":"https:\/\/kolo-nowaruda.klodzko.pttk.pl\/index.php\/rok-2015\/","title":{"rendered":"Rok 2015"},"content":{"rendered":"\n<p>(2015-01-07) <a href=\"https:\/\/kolo-nowaruda.klodzko.pttk.pl\/2015\/01\/07\/w-krainie-krolowej-sniegu\/\" data-type=\"post\" data-id=\"3357\">W krainie Kr\u00f3lowej \u015aniegu<\/a><br>\n(2015-01-30) <a href=\"https:\/\/kolo-nowaruda.klodzko.pttk.pl\/2015\/01\/30\/z-pasja-na-szlaku\/\" data-type=\"post\" data-id=\"3358\">Z pasja na szlaku<\/a><br>\n(2015-01-31) <a href=\"https:\/\/kolo-nowaruda.klodzko.pttk.pl\/2015\/01\/31\/ruda-gora-i-40-wloczykijow\/\" data-type=\"post\" data-id=\"3359\">Ruda G\u00f3ra i 40 w\u0142\u00f3czykij\u00f3w<\/a><br>\n(2015-02-15) <a href=\"https:\/\/kolo-nowaruda.klodzko.pttk.pl\/2015\/02\/15\/sarnimi-sciezkami-do-saren\/\" data-type=\"post\" data-id=\"3360\">Sarnimi \u015bcie\u017ckami do Saren<\/a><br>\n(2015-03-01) <a href=\"https:\/\/kolo-nowaruda.klodzko.pttk.pl\/2015\/03\/01\/na-scinawskich-wzgorzach-w-poszukiwaniu-wiosny\/\" data-type=\"post\" data-id=\"3361\">Na \u015acinawskich Wzg\u00f3rzach w poszukiwaniu wiosny<\/a><br>\n(2015-03-13) <a href=\"https:\/\/kolo-nowaruda.klodzko.pttk.pl\/2015\/03\/13\/niemozliwe-stalo-sie-mozliwe\/\" data-type=\"post\" data-id=\"3362\">&#8222;Niemo\u017cliwe sta\u0142o si\u0119 mo\u017cliwe&#8221;!<\/a><br>\n(2015-03-21) <a href=\"https:\/\/kolo-nowaruda.klodzko.pttk.pl\/2015\/03\/21\/pierwszy-dzien-wiosny-w-gorach-suchych\/\" data-type=\"post\" data-id=\"3363\">Pierwszy dzie\u0144 wiosny w G\u00f3rach Suchych<\/a><br>\n(2015-03-21) <a href=\"https:\/\/kolo-nowaruda.klodzko.pttk.pl\/2015\/03\/21\/wiosenna-wycieczka-na-wielka-sowe\/\" data-type=\"post\" data-id=\"3364\">Wiosenna wycieczka na Wielka Sow\u0119<\/a><br>\n(2015-03-29) <a href=\"https:\/\/kolo-nowaruda.klodzko.pttk.pl\/2015\/03\/29\/oficjalny-poczatek-sezonu-wapniarka-2015\/\" data-type=\"post\" data-id=\"3365\">Oficjalny poczatek sezonu 2015 &#8211; tradycyjna &#8222;Wapniarka&#8221;<\/a><br>\n(2015-04-11) <a href=\"https:\/\/kolo-nowaruda.klodzko.pttk.pl\/2015\/04\/11\/czescy-turysci-z-wizyta-w-nowej-rudzie\/\" data-type=\"post\" data-id=\"3366\">Czescy tury\u015bci z wizyta w Nowej Rudzie<\/a><br>\n(2015-04-12) <a href=\"https:\/\/kolo-nowaruda.klodzko.pttk.pl\/2015\/04\/12\/znasz-gory-sowie-a-wiesz-gdzie-lezy-kamien-trzech-granic\/\" data-type=\"post\" data-id=\"3367\">Znasz G\u00f3ry Sowie? A wiesz gdzie le\u017cy Kamie\u0144 Trzech Granic?<\/a><br>\n(2015-04-18) <a href=\"https:\/\/kolo-nowaruda.klodzko.pttk.pl\/2015\/04\/18\/kolejna-wieza-do-kolekcji\/\" data-type=\"post\" data-id=\"3368\">Kolejna wie\u017ca do kolekcji<\/a><br>\n(2015-04-25) <a href=\"https:\/\/kolo-nowaruda.klodzko.pttk.pl\/2015\/04\/25\/gss-cziv-telemarkiem-w-gorach-kruczych-na-4-etapie-gss\/\" data-type=\"post\" data-id=\"3369\"><img decoding=\"async\" src=\"images\/stories\/szlak_czerwony.png\"> (cz.IV) Telemarkiem w G\u00f3rach Kruczych. Na 4 etapie GSS.<\/a><br>\n(2015-05-02) <a href=\"https:\/\/kolo-nowaruda.klodzko.pttk.pl\/2015\/05\/02\/piknik-pod-wlodzicka-gora\/\" data-type=\"post\" data-id=\"3370\">Piknik pod W\u0142odzicka G\u00f3ra<\/a><br>\n(2015-05-09) <a href=\"https:\/\/kolo-nowaruda.klodzko.pttk.pl\/2015\/05\/09\/iii-marsz-nordic-walking-studentow-utw\/\" data-type=\"post\" data-id=\"3371\">III Marsz Nordic Walking Student\u00f3w UTW<\/a><br>\n(2015-05-09) <a href=\"https:\/\/kolo-nowaruda.klodzko.pttk.pl\/2015\/05\/09\/piekna-sobota-w-gorach\/\" data-type=\"post\" data-id=\"3372\">Pi\u0119kna sobota w g\u00f3rach<\/a><br>\n(2015-05-16) <a href=\"https:\/\/kolo-nowaruda.klodzko.pttk.pl\/2015\/05\/16\/gss-czv-dziewanna-i-ten-tego-z-tym-tam-gwarkowie-szturmuja-sudety-czyli-gss-po-raz-piaty\/\" data-type=\"post\" data-id=\"3373\"><img decoding=\"async\" src=\"images\/stories\/szlak_czerwony.png\"> (cz.V) Dziewanna i ten tego z tym tam. Gwarkowie Szturmuja Sudety, czyli GSS po raz piaty.<\/a><br>\n(2015-05-23) <a href=\"https:\/\/kolo-nowaruda.klodzko.pttk.pl\/2015\/05\/23\/rajd-turystyczny-snieznik\/\" data-type=\"post\" data-id=\"3374\">Rajd Turystyczny &#8222;\u015anie\u017cnik&#8221;<\/a><br>\n(2015-05-30) <a href=\"https:\/\/kolo-nowaruda.klodzko.pttk.pl\/2015\/05\/30\/goral-w-pieczarze-czyli-polsko-czeska-kielbaska\/\" data-type=\"post\" data-id=\"3375\">G\u00f3ral w pieczarze, czyli polsko-czeska kie\u0142baska<\/a><br>\n(2015-06-13) <a href=\"https:\/\/kolo-nowaruda.klodzko.pttk.pl\/2015\/06\/13\/zieloni-kontra-niebiescy\/\" data-type=\"post\" data-id=\"3376\">Zieloni kontra Niebiescy<\/a><br>\n(2015-06-21) <a href=\"https:\/\/kolo-nowaruda.klodzko.pttk.pl\/2015\/06\/21\/diabel-piekna-pani-i-jozin-z-bazin-czyli-iii-noc-swietojanska\/\" data-type=\"post\" data-id=\"3377\">Diabe\u0142, pi\u0119kna pani i Jo\u017ein z ba\u017ein, czyli III Noc \u015awi\u0119toja\u0144ska<\/a><br>\n(2015-06-28) <a href=\"https:\/\/kolo-nowaruda.klodzko.pttk.pl\/2015\/06\/28\/gss-czvi-miedzy-zmijowcem-i-boczniakami-gss-czyli-gory-sowie-sympatycznie\/\" data-type=\"post\" data-id=\"3378\"><img decoding=\"async\" src=\"images\/stories\/szlak_czerwony.png\"> (cz.VI) Mi\u0119dzy \u017cmijowcem i boczniakami, GSS, czyli G\u00f3ry Sowie Sympatycznie<\/a><br>\n(2015-07-05) <a href=\"https:\/\/kolo-nowaruda.klodzko.pttk.pl\/2015\/07\/05\/trojmorski-i-ten-australijski-kapelusz\/\" data-type=\"post\" data-id=\"3379\">Tr\u00f3jmorski i ten australijski kapelusz.<\/a><br>\n(2015-07-11) <a href=\"https:\/\/kolo-nowaruda.klodzko.pttk.pl\/2015\/07\/11\/niestrudzeni-pogromcy-wiez-widokowych\/\" data-type=\"post\" data-id=\"3380\">Niestrudzeni pogromcy wie\u017c widokowych.<\/a><br>\n(2015-07-18) <a href=\"https:\/\/kolo-nowaruda.klodzko.pttk.pl\/2015\/07\/18\/bieg-rzeznika-na-jawornik-wielki\/\" data-type=\"post\" data-id=\"3381\">Bieg rze\u017anika na Jawornik Wielki<\/a><br>\n(2015-08-01) <a href=\"https:\/\/kolo-nowaruda.klodzko.pttk.pl\/2015\/08\/01\/gorami-bardzkimi-na-kalwarie\/\" data-type=\"post\" data-id=\"3382\">G\u00f3rami Bardzkimi na Kalwari\u0119.<\/a><br>\n(2015-08-30) <a href=\"https:\/\/kolo-nowaruda.klodzko.pttk.pl\/2015\/08\/30\/gss-czvii-gwarkowie-spaleni-sloncem-czyli-na-vii-etapie-gss\/\" data-type=\"post\" data-id=\"3383\"><img decoding=\"async\" src=\"images\/stories\/szlak_czerwony.png\"> (cz.VII) Gwarkowie spaleni s\u0142o\u0144cem, czyli na VII etapie GSS.<\/a><br>\n(2015-09-05) <a href=\"https:\/\/kolo-nowaruda.klodzko.pttk.pl\/2015\/09\/05\/turystyczna-wizyta-u-sasiadow\/\" data-type=\"post\" data-id=\"3384\">Turystyczna wizyta u sasiad\u00f3w<\/a><br>\n(2015-09-19) <a href=\"https:\/\/kolo-nowaruda.klodzko.pttk.pl\/2015\/09\/19\/i-znowu-na-szlaku\/\" data-type=\"post\" data-id=\"3385\">I znowu na szlaku<\/a><br>\n(2015-09-27) <a href=\"https:\/\/kolo-nowaruda.klodzko.pttk.pl\/2015\/09\/27\/gss-czviii-wrocilismy-do-domu-noworudzcy-gwarkowie-na-szlaku-gss-po-raz-osmy\/\" data-type=\"post\" data-id=\"3386\"><img decoding=\"async\" src=\"images\/stories\/szlak_czerwony.png\"> (cz.VIII) Wr\u00f3cili\u015bmy do domu! &#8211; Noworudzcy gwarkowie na szlaku GSS po raz \u00f3smy.<\/a><br>\n(2015-10-04) <a href=\"https:\/\/kolo-nowaruda.klodzko.pttk.pl\/2015\/10\/04\/wrzesniowa-gala-parowozow\/\" data-type=\"post\" data-id=\"3387\">Wrze\u015bniowa gala parowoz\u00f3w<\/a><br>\n(2015-10-04) <a href=\"https:\/\/kolo-nowaruda.klodzko.pttk.pl\/2015\/10\/04\/jesienny-kartofelek-na-wysokim-poziomie\/\" data-type=\"post\" data-id=\"3388\">Jesienny kartofelek na wysokim poziomie<\/a><br>\n(2015-10-17) <a href=\"https:\/\/kolo-nowaruda.klodzko.pttk.pl\/2015\/10\/17\/spacerkiem-po-broumovie-z-rewizyta-u-kct\/\" data-type=\"post\" data-id=\"3389\">Spacerkiem po Broumovie &#8211; z rewizyta u KCT<\/a><br>\n(2015-10-17) <a href=\"https:\/\/kolo-nowaruda.klodzko.pttk.pl\/2015\/10\/17\/troche-mokro-troche-wysoko-troche-trudno\/\" data-type=\"post\" data-id=\"3390\">Troch\u0119 mokro, troch\u0119 wysoko, troch\u0119 trudno&#8230;<\/a><br>\n(2015-10-24) <a href=\"https:\/\/kolo-nowaruda.klodzko.pttk.pl\/2015\/10\/24\/gss-czix-jesienne-okienko-pogodowe-dobry-czas-na-wspolne-wedrowanie\/\" data-type=\"post\" data-id=\"3391\"><img decoding=\"async\" src=\"images\/stories\/szlak_czerwony.png\"> (cz.IX) Jesienne okienko pogodowe &#8211; dobry czas na wsp\u00f3lne w\u0119drowanie.<\/a><br>\n(2015-10-24) <a href=\"https:\/\/kolo-nowaruda.klodzko.pttk.pl\/2015\/10\/24\/projekt-twierdza\/\" data-type=\"post\" data-id=\"3392\">Projekt Twierdza<\/a><br>\n(2015-11-11) <a href=\"https:\/\/kolo-nowaruda.klodzko.pttk.pl\/2015\/11\/11\/krowki-we-mgle\/\" data-type=\"post\" data-id=\"3393\">Kr\u00f3wki we mgle<\/a><br>\n(2015-11-14) <a href=\"https:\/\/kolo-nowaruda.klodzko.pttk.pl\/2015\/11\/14\/z-wizyta-u-marianny-oranskiej\/\" data-type=\"post\" data-id=\"3394\">Z wizyta u Marianny Ora\u0144skiej<\/a><br>\n(2015-12-05) <a href=\"https:\/\/kolo-nowaruda.klodzko.pttk.pl\/2015\/12\/05\/wielkie-swietowanie-w-przygorzu-ii-rajd-barborkowy\/\" data-type=\"post\" data-id=\"3395\">Wielkie \u015bwi\u0119towanie w Przyg\u00f3rzu &#8211; II Rajd Barb\u00f3rkowy<\/a><br><\/p>\n","protected":false},"excerpt":{"rendered":"<p>(2015-01-07) W krainie Kr\u00f3lowej \u015aniegu (2015-01-30) Z pasja na szlaku (2015-01-31) Ruda G\u00f3ra i 40 w\u0142\u00f3czykij\u00f3w (2015-02-15) Sarnimi \u015bcie\u017ckami do Saren (2015-03-01) Na \u015acinawskich Wzg\u00f3rzach w poszukiwaniu wiosny (2015-03-13) &#8222;Niemo\u017cliwe sta\u0142o si\u0119 mo\u017cliwe&#8221;! (2015-03-21) Pierwszy dzie\u0144 wiosny w G\u00f3rach Suchych (2015-03-21) Wiosenna wycieczka na Wielka Sow\u0119 (2015-03-29) Oficjalny poczatek sezonu 2015 &#8211; tradycyjna &#8222;Wapniarka&#8221; (2015-04-11) [&hellip;]<\/p>\n","protected":false},"author":141,"featured_media":0,"parent":0,"menu_order":0,"comment_status":"closed","ping_status":"closed","template":"","meta":{"ngg_post_thumbnail":0,"footnotes":""},"class_list":["post-2361","page","type-page","status-publish","hentry"],"_links":{"self":[{"href":"https:\/\/kolo-nowaruda.klodzko.pttk.pl\/index.php\/wp-json\/wp\/v2\/pages\/2361","targetHints":{"allow":["GET"]}}],"collection":[{"href":"https:\/\/kolo-nowaruda.klodzko.pttk.pl\/index.php\/wp-json\/wp\/v2\/pages"}],"about":[{"href":"https:\/\/kolo-nowaruda.klodzko.pttk.pl\/index.php\/wp-json\/wp\/v2\/types\/page"}],"author":[{"embeddable":true,"href":"https:\/\/kolo-nowaruda.klodzko.pttk.pl\/index.php\/wp-json\/wp\/v2\/users\/141"}],"replies":[{"embeddable":true,"href":"https:\/\/kolo-nowaruda.klodzko.pttk.pl\/index.php\/wp-json\/wp\/v2\/comments?post=2361"}],"version-history":[{"count":3,"href":"https:\/\/kolo-nowaruda.klodzko.pttk.pl\/index.php\/wp-json\/wp\/v2\/pages\/2361\/revisions"}],"predecessor-version":[{"id":3496,"href":"https:\/\/kolo-nowaruda.klodzko.pttk.pl\/index.php\/wp-json\/wp\/v2\/pages\/2361\/revisions\/3496"}],"wp:attachment":[{"href":"https:\/\/kolo-nowaruda.klodzko.pttk.pl\/index.php\/wp-json\/wp\/v2\/media?parent=2361"}],"curies":[{"name":"wp","href":"https:\/\/api.w.org\/{rel}","templated":true}]}}